{"id":10158,"date":"2026-03-15T20:23:31","date_gmt":"2026-03-15T19:23:31","guid":{"rendered":"https:\/\/www.hugopanonacle.fr\/?page_id=10158"},"modified":"2026-04-02T14:07:19","modified_gmt":"2026-04-02T13:07:19","slug":"projets-speciaux","status":"publish","type":"page","link":"https:\/\/www.hugopanonacle.fr\/fr\/projets-speciaux\/","title":{"rendered":"Projets sp\u00e9ciaux"},"content":{"rendered":"\t\t<div data-elementor-type=\"wp-page\" data-elementor-id=\"10158\" class=\"elementor elementor-10158\">\n\t\t\t\t<div class=\"elementor-element elementor-element-87719f4 e-flex e-con-boxed e-con e-parent\" data-id=\"87719f4\" data-element_type=\"container\" data-core-v316-plus=\"true\">\n\t\t\t\t\t<div class=\"e-con-inner\">\n\t\t<div class=\"elementor-element elementor-element-d72f81b e-flex e-con-boxed e-con e-child\" data-id=\"d72f81b\" data-element_type=\"container\">\n\t\t\t\t\t<div class=\"e-con-inner\">\n\t\t\t\t<div class=\"wolf-core-heading elementor-element elementor-element-bdff11d elementor-widget elementor-widget-heading\" data-id=\"bdff11d\" data-element_type=\"widget\" data-widget_type=\"heading.default\">\n\t\t\t\t<div class=\"elementor-widget-container\">\n\t\t\t<style>\/*! elementor - v3.20.0 - 26-03-2024 *\/\n.elementor-heading-title{padding:0;margin:0;line-height:1}.elementor-widget-heading .elementor-heading-title[class*=elementor-size-]>a{color:inherit;font-size:inherit;line-height:inherit}.elementor-widget-heading .elementor-heading-title.elementor-size-small{font-size:15px}.elementor-widget-heading .elementor-heading-title.elementor-size-medium{font-size:19px}.elementor-widget-heading .elementor-heading-title.elementor-size-large{font-size:29px}.elementor-widget-heading .elementor-heading-title.elementor-size-xl{font-size:39px}.elementor-widget-heading .elementor-heading-title.elementor-size-xxl{font-size:59px}<\/style><h2 class=\"elementor-heading-title elementor-size-default\"><i>Violin Caribbean Concertos<\/i> <\/h2>\t\t<\/div>\n\t\t\t\t<\/div>\n\t\t\t\t\t<\/div>\n\t\t\t\t<\/div>\n\t\t\t\t\t<\/div>\n\t\t\t\t<\/div>\n\t\t<div class=\"elementor-element elementor-element-4563e1e e-flex e-con-boxed e-con e-parent\" data-id=\"4563e1e\" data-element_type=\"container\" data-core-v316-plus=\"true\">\n\t\t\t\t\t<div class=\"e-con-inner\">\n\t\t\t\t<div class=\"elementor-element elementor-element-6107e12 elementor-widget-divider--view-line elementor-widget elementor-widget-divider\" data-id=\"6107e12\" data-element_type=\"widget\" data-widget_type=\"divider.default\">\n\t\t\t\t<div class=\"elementor-widget-container\">\n\t\t\t<style>\/*! elementor - v3.20.0 - 26-03-2024 *\/\n.elementor-widget-divider{--divider-border-style:none;--divider-border-width:1px;--divider-color:#0c0d0e;--divider-icon-size:20px;--divider-element-spacing:10px;--divider-pattern-height:24px;--divider-pattern-size:20px;--divider-pattern-url:none;--divider-pattern-repeat:repeat-x}.elementor-widget-divider .elementor-divider{display:flex}.elementor-widget-divider .elementor-divider__text{font-size:15px;line-height:1;max-width:95%}.elementor-widget-divider .elementor-divider__element{margin:0 var(--divider-element-spacing);flex-shrink:0}.elementor-widget-divider .elementor-icon{font-size:var(--divider-icon-size)}.elementor-widget-divider .elementor-divider-separator{display:flex;margin:0;direction:ltr}.elementor-widget-divider--view-line_icon .elementor-divider-separator,.elementor-widget-divider--view-line_text .elementor-divider-separator{align-items:center}.elementor-widget-divider--view-line_icon .elementor-divider-separator:after,.elementor-widget-divider--view-line_icon .elementor-divider-separator:before,.elementor-widget-divider--view-line_text .elementor-divider-separator:after,.elementor-widget-divider--view-line_text .elementor-divider-separator:before{display:block;content:\"\";border-block-end:0;flex-grow:1;border-block-start:var(--divider-border-width) var(--divider-border-style) var(--divider-color)}.elementor-widget-divider--element-align-left .elementor-divider .elementor-divider-separator>.elementor-divider__svg:first-of-type{flex-grow:0;flex-shrink:100}.elementor-widget-divider--element-align-left .elementor-divider-separator:before{content:none}.elementor-widget-divider--element-align-left .elementor-divider__element{margin-left:0}.elementor-widget-divider--element-align-right .elementor-divider .elementor-divider-separator>.elementor-divider__svg:last-of-type{flex-grow:0;flex-shrink:100}.elementor-widget-divider--element-align-right .elementor-divider-separator:after{content:none}.elementor-widget-divider--element-align-right .elementor-divider__element{margin-right:0}.elementor-widget-divider--element-align-start .elementor-divider .elementor-divider-separator>.elementor-divider__svg:first-of-type{flex-grow:0;flex-shrink:100}.elementor-widget-divider--element-align-start .elementor-divider-separator:before{content:none}.elementor-widget-divider--element-align-start .elementor-divider__element{margin-inline-start:0}.elementor-widget-divider--element-align-end .elementor-divider .elementor-divider-separator>.elementor-divider__svg:last-of-type{flex-grow:0;flex-shrink:100}.elementor-widget-divider--element-align-end .elementor-divider-separator:after{content:none}.elementor-widget-divider--element-align-end .elementor-divider__element{margin-inline-end:0}.elementor-widget-divider:not(.elementor-widget-divider--view-line_text):not(.elementor-widget-divider--view-line_icon) .elementor-divider-separator{border-block-start:var(--divider-border-width) var(--divider-border-style) var(--divider-color)}.elementor-widget-divider--separator-type-pattern{--divider-border-style:none}.elementor-widget-divider--separator-type-pattern.elementor-widget-divider--view-line .elementor-divider-separator,.elementor-widget-divider--separator-type-pattern:not(.elementor-widget-divider--view-line) .elementor-divider-separator:after,.elementor-widget-divider--separator-type-pattern:not(.elementor-widget-divider--view-line) .elementor-divider-separator:before,.elementor-widget-divider--separator-type-pattern:not([class*=elementor-widget-divider--view]) .elementor-divider-separator{width:100%;min-height:var(--divider-pattern-height);-webkit-mask-size:var(--divider-pattern-size) 100%;mask-size:var(--divider-pattern-size) 100%;-webkit-mask-repeat:var(--divider-pattern-repeat);mask-repeat:var(--divider-pattern-repeat);background-color:var(--divider-color);-webkit-mask-image:var(--divider-pattern-url);mask-image:var(--divider-pattern-url)}.elementor-widget-divider--no-spacing{--divider-pattern-size:auto}.elementor-widget-divider--bg-round{--divider-pattern-repeat:round}.rtl .elementor-widget-divider .elementor-divider__text{direction:rtl}.e-con-inner>.elementor-widget-divider,.e-con>.elementor-widget-divider{width:var(--container-widget-width,100%);--flex-grow:var(--container-widget-flex-grow)}<\/style>\t\t<div class=\"elementor-divider\">\n\t\t\t<span class=\"elementor-divider-separator\">\n\t\t\t\t\t\t<\/span>\n\t\t<\/div>\n\t\t\t\t<\/div>\n\t\t\t\t<\/div>\n\t\t\t\t\t<\/div>\n\t\t\t\t<\/div>\n\t\t<div class=\"elementor-element elementor-element-64ee1ca e-flex e-con-boxed e-con e-parent\" data-id=\"64ee1ca\" data-element_type=\"container\" data-core-v316-plus=\"true\">\n\t\t\t\t\t<div class=\"e-con-inner\">\n\t\t\t\t<div class=\"wow  elementor-element elementor-element-184b634 animated-text-yes elementor-widget__width-initial elementor-widget-mobile__width-initial elementor-widget elementor-widget-text-editor\" style=\"transition-delay:0.2s;\" data-anim-delay=\"200\" data-id=\"184b634\" data-element_type=\"widget\" data-widget_type=\"text-editor.default\">\n\t\t\t\t<div class=\"elementor-widget-container\">\n\t\t\t<style>\/*! elementor - v3.20.0 - 26-03-2024 *\/\n.elementor-widget-text-editor.elementor-drop-cap-view-stacked .elementor-drop-cap{background-color:#69727d;color:#fff}.elementor-widget-text-editor.elementor-drop-cap-view-framed .elementor-drop-cap{color:#69727d;border:3px solid;background-color:transparent}.elementor-widget-text-editor:not(.elementor-drop-cap-view-default) .elementor-drop-cap{margin-top:8px}.elementor-widget-text-editor:not(.elementor-drop-cap-view-default) .elementor-drop-cap-letter{width:1em;height:1em}.elementor-widget-text-editor .elementor-drop-cap{float:left;text-align:center;line-height:1;font-size:50px}.elementor-widget-text-editor .elementor-drop-cap-letter{display:inline-block}<\/style>\t\t\t\t<p>\u00c0 l\u2019occasion du 280e anniversaire de la naissance du compositeur guadeloup\u00e9en Chevalier de Saint-George, l\u2019Agence Artistique Hugo Panonacle accompagne le projet Violin Caribbean Concertos aux c\u00f4t\u00e9s du violoniste Romuald Grimbert-Barr\u00e9.<\/p><figure id=\"attachment_10161\" aria-describedby=\"caption-attachment-10161\" style=\"width: 600px\" class=\"wp-caption aligncenter\"><a href=\"https:\/\/www.hugopanonacle.fr\/wp-content\/uploads\/2026\/03\/cd-aparte-421-2.png\"><img fetchpriority=\"high\" decoding=\"async\" class=\"wp-image-10161\" src=\"https:\/\/www.hugopanonacle.fr\/wp-content\/uploads\/2026\/03\/cd-aparte-421-2-300x225.png\" alt=\"Saint-George &amp; P\u00e9cou \u2013 Caribbean Violin Concertos (sortie au printemps 2026)\" width=\"600\" height=\"450\" srcset=\"https:\/\/www.hugopanonacle.fr\/wp-content\/uploads\/2026\/03\/cd-aparte-421-2-300x225.png 300w, https:\/\/www.hugopanonacle.fr\/wp-content\/uploads\/2026\/03\/cd-aparte-421-2-1024x768.png 1024w, https:\/\/www.hugopanonacle.fr\/wp-content\/uploads\/2026\/03\/cd-aparte-421-2-768x576.png 768w, https:\/\/www.hugopanonacle.fr\/wp-content\/uploads\/2026\/03\/cd-aparte-421-2-16x12.png 16w, https:\/\/www.hugopanonacle.fr\/wp-content\/uploads\/2026\/03\/cd-aparte-421-2-760x570.png 760w, https:\/\/www.hugopanonacle.fr\/wp-content\/uploads\/2026\/03\/cd-aparte-421-2-500x375.png 500w, https:\/\/www.hugopanonacle.fr\/wp-content\/uploads\/2026\/03\/cd-aparte-421-2-550x413.png 550w, https:\/\/www.hugopanonacle.fr\/wp-content\/uploads\/2026\/03\/cd-aparte-421-2-400x300.png 400w, https:\/\/www.hugopanonacle.fr\/wp-content\/uploads\/2026\/03\/cd-aparte-421-2-600x450.png 600w, https:\/\/www.hugopanonacle.fr\/wp-content\/uploads\/2026\/03\/cd-aparte-421-2-480x360.png 480w, https:\/\/www.hugopanonacle.fr\/wp-content\/uploads\/2026\/03\/cd-aparte-421-2-664x498.png 664w, https:\/\/www.hugopanonacle.fr\/wp-content\/uploads\/2026\/03\/cd-aparte-421-2.png 1200w\" sizes=\"(max-width: 600px) 100vw, 600px\" \/><\/a><figcaption id=\"caption-attachment-10161\" class=\"wp-caption-text\">Saint-George &amp; P\u00e9cou \u2013 Caribbean Violin Concertos (sortie au printemps 2026)<\/figcaption><\/figure><p style=\"text-align: left;\">Cet accompagnement suit le projet \u00e0 chaque \u00e9tape : conception du narratif global, d\u00e9finition de l\u2019image artistique, production du concert de lancement parisien, diffusion aupr\u00e8s des programmateurs, soutien dans la lev\u00e9e de fonds. \u00c0 l\u2019occasion du 280e anniversaire de la naissance du Chevalier de Saint-George, ce projet c\u00e9l\u00e8bre la rencontre entre deux h\u00e9ritages que tout semble opposer mais que l\u2019histoire r\u00e9unit : celui du Si\u00e8cle des Lumi\u00e8res et celui de la soci\u00e9t\u00e9 cr\u00e9ole antillaise. Le violon de Romuald Grimbert-Barr\u00e9 fait dialoguer la musique de Saint-George, figure embl\u00e9matique de la pens\u00e9e \u00e9clair\u00e9e et de l\u2019esth\u00e9tique classique, avec une cr\u00e9ation contemporaine du compositeur Thierry P\u00e9cou, inspir\u00e9e des rythmes et imaginaires carib\u00e9ens et c\u00e9l\u00e9brant le compositeur des Lumi\u00e8res.Cet album est un hommage musical et spirituel \u00e0 la trajectoire singuli\u00e8re de Saint-George, homme libre, visionnaire et symbole du dialogue entre la France m\u00e9tropolitaine et ses territoires ultra-marins. Entre classicisme europ\u00e9en et pulsations insulaires, il explore les multiples facettes des Lumi\u00e8res; le violon y devient trait d\u2019union, instrument de m\u00e9moire, de feu et de renaissance.<\/p>\t\t\t\t\t\t<\/div>\n\t\t\t\t<\/div>\n\t\t\t\t\t<\/div>\n\t\t\t\t<\/div>\n\t\t<div class=\"elementor-element elementor-element-9500560 e-flex e-con-boxed e-con e-parent\" data-id=\"9500560\" data-element_type=\"container\" data-core-v316-plus=\"true\">\n\t\t\t\t\t<div class=\"e-con-inner\">\n\t\t\t\t\t<\/div>\n\t\t\t\t<\/div>\n\t\t<div class=\"elementor-element elementor-element-da7cbb6 e-flex e-con-boxed e-con e-parent\" data-id=\"da7cbb6\" data-element_type=\"container\" data-core-v316-plus=\"true\">\n\t\t\t\t\t<div class=\"e-con-inner\">\n\t\t<div class=\"elementor-element elementor-element-d057184 e-flex e-con-boxed e-con e-child\" data-id=\"d057184\" data-element_type=\"container\">\n\t\t\t\t\t<div class=\"e-con-inner\">\n\t\t\t\t<div class=\"elementor-element elementor-element-bb458a1 elementor-widget elementor-widget-spacer\" data-id=\"bb458a1\" data-element_type=\"widget\" data-widget_type=\"spacer.default\">\n\t\t\t\t<div class=\"elementor-widget-container\">\n\t\t\t<style>\/*! elementor - v3.20.0 - 26-03-2024 *\/\n.elementor-column .elementor-spacer-inner{height:var(--spacer-size)}.e-con{--container-widget-width:100%}.e-con-inner>.elementor-widget-spacer,.e-con>.elementor-widget-spacer{width:var(--container-widget-width,var(--spacer-size));--align-self:var(--container-widget-align-self,initial);--flex-shrink:0}.e-con-inner>.elementor-widget-spacer>.elementor-widget-container,.e-con>.elementor-widget-spacer>.elementor-widget-container{height:100%;width:100%}.e-con-inner>.elementor-widget-spacer>.elementor-widget-container>.elementor-spacer,.e-con>.elementor-widget-spacer>.elementor-widget-container>.elementor-spacer{height:100%}.e-con-inner>.elementor-widget-spacer>.elementor-widget-container>.elementor-spacer>.elementor-spacer-inner,.e-con>.elementor-widget-spacer>.elementor-widget-container>.elementor-spacer>.elementor-spacer-inner{height:var(--container-widget-height,var(--spacer-size))}.e-con-inner>.elementor-widget-spacer.elementor-widget-empty,.e-con>.elementor-widget-spacer.elementor-widget-empty{position:relative;min-height:22px;min-width:22px}.e-con-inner>.elementor-widget-spacer.elementor-widget-empty .elementor-widget-empty-icon,.e-con>.elementor-widget-spacer.elementor-widget-empty .elementor-widget-empty-icon{position:absolute;top:0;bottom:0;left:0;right:0;margin:auto;padding:0;width:22px;height:22px}<\/style>\t\t<div class=\"elementor-spacer\">\n\t\t\t<div class=\"elementor-spacer-inner\"><\/div>\n\t\t<\/div>\n\t\t\t\t<\/div>\n\t\t\t\t<\/div>\n\t\t\t\t<div class=\"elementor-element elementor-element-bf0bdcb elementor-widget-divider--view-line elementor-widget elementor-widget-divider\" data-id=\"bf0bdcb\" data-element_type=\"widget\" data-widget_type=\"divider.default\">\n\t\t\t\t<div class=\"elementor-widget-container\">\n\t\t\t\t\t<div class=\"elementor-divider\">\n\t\t\t<span class=\"elementor-divider-separator\">\n\t\t\t\t\t\t<\/span>\n\t\t<\/div>\n\t\t\t\t<\/div>\n\t\t\t\t<\/div>\n\t\t\t\t<div class=\"wolf-core-heading elementor-element elementor-element-e18f45f elementor-widget elementor-widget-heading\" data-id=\"e18f45f\" data-element_type=\"widget\" data-widget_type=\"heading.default\">\n\t\t\t\t<div class=\"elementor-widget-container\">\n\t\t\t<h2 class=\"elementor-heading-title elementor-size-default\">ROMUALD GRIMBERT-BARR\u00c9<\/h2>\t\t<\/div>\n\t\t\t\t<\/div>\n\t\t\t\t\t<\/div>\n\t\t\t\t<\/div>\n\t\t\t\t<div class=\"wow  elementor-element elementor-element-dc52a9d animated-text-yes elementor-widget__width-initial elementor-widget-mobile__width-initial elementor-widget elementor-widget-text-editor\" style=\"transition-delay:0.2s;\" data-anim-delay=\"200\" data-id=\"dc52a9d\" data-element_type=\"widget\" data-widget_type=\"text-editor.default\">\n\t\t\t\t<div class=\"elementor-widget-container\">\n\t\t\t\t\t\t\t<p>Entre classicisme europ\u00e9en et pulsations insulaires, ce projet rend hommage \u00e0 la trajectoire unique de Saint-George\u202f: homme libre, visionnaire, compositeur et violoniste, symbole du dialogue entre la France m\u00e9tropolitaine et ses territoires ultra-marins. Le violon devient trait d\u2019union, instrument de m\u00e9moire et de renaissance.<\/p>\t\t\t\t\t\t<\/div>\n\t\t\t\t<\/div>\n\t\t\t\t\t<\/div>\n\t\t\t\t<\/div>\n\t\t<div class=\"elementor-element elementor-element-7d8fd12 e-flex e-con-boxed e-con e-parent\" data-id=\"7d8fd12\" data-element_type=\"container\" data-core-v316-plus=\"true\">\n\t\t\t\t\t<div class=\"e-con-inner\">\n\t\t\t\t<div class=\"elementor-element elementor-element-b14eb9e elementor-widget-divider--view-line elementor-widget elementor-widget-divider\" data-id=\"b14eb9e\" data-element_type=\"widget\" data-widget_type=\"divider.default\">\n\t\t\t\t<div class=\"elementor-widget-container\">\n\t\t\t\t\t<div class=\"elementor-divider\">\n\t\t\t<span class=\"elementor-divider-separator\">\n\t\t\t\t\t\t<\/span>\n\t\t<\/div>\n\t\t\t\t<\/div>\n\t\t\t\t<\/div>\n\t\t\t\t\t<\/div>\n\t\t\t\t<\/div>\n\t\t<div class=\"elementor-element elementor-element-2bb26e1 e-flex e-con-boxed e-con e-parent\" data-id=\"2bb26e1\" data-element_type=\"container\" data-core-v316-plus=\"true\">\n\t\t\t\t\t<div class=\"e-con-inner\">\n\t\t<div class=\"elementor-element elementor-element-693a1af e-flex e-con-boxed e-con e-child\" data-id=\"693a1af\" data-element_type=\"container\">\n\t\t\t\t\t<div class=\"e-con-inner\">\n\t\t<div class=\"elementor-element elementor-element-8253b5b e-con-full e-flex e-con e-child\" data-id=\"8253b5b\" data-element_type=\"container\">\n\t\t\t\t<div class=\"wow  elementor-element elementor-element-08b4de1 animated-text-yes elementor-widget__width-initial elementor-widget-mobile__width-initial elementor-widget elementor-widget-text-editor\" style=\"transition-delay:0.2s;\" data-anim-delay=\"200\" data-id=\"08b4de1\" data-element_type=\"widget\" data-widget_type=\"text-editor.default\">\n\t\t\t\t<div class=\"elementor-widget-container\">\n\t\t\t\t\t\t\t<p>Originaire de Guadeloupe, Romuald Grimbert-Barr\u00e9 est l\u2019un des violonistes fran\u00e7ais les plus prometteurs de sa g\u00e9n\u00e9ration. Laur\u00e9at de la Fondation Banque Populaire, de l\u2019ADAMI et   de   plusieurs   concours   internationaux,   il   s\u2019est   produit   avec   l\u2019Orchestre   National   de France, l\u2019Orchestre de la Garde R\u00e9publicaine, et sur des sc\u00e8nes prestigieuses comme le Carnegie Hall ou La Roque d\u2019Anth\u00e9ron. Son engagement envers la red\u00e9couverte de Saint George s\u2019inscrit dans une d\u00e9marche de transmission et de reconnaissance de l\u2019h\u00e9ritage carib\u00e9en. Il est depuis 2020 le violoniste de l\u2019Ensemble Variances de Thierry P\u00e9cou.<\/p>\t\t\t\t\t\t<\/div>\n\t\t\t\t<\/div>\n\t\t\t\t<\/div>\n\t\t<div class=\"elementor-element elementor-element-2f347c5 e-con-full e-flex e-con e-child\" data-id=\"2f347c5\" data-element_type=\"container\">\n\t\t\t\t<div class=\" elementor-element elementor-element-b694dca elementor-widget elementor-widget-image\" data-id=\"b694dca\" data-element_type=\"widget\" data-widget_type=\"image.default\">\n\t\t\t\t<div class=\"elementor-widget-container\">\n\t\t\t<style>\/*! elementor - v3.20.0 - 26-03-2024 *\/\n.elementor-widget-image{text-align:center}.elementor-widget-image a{display:inline-block}.elementor-widget-image a img[src$=\".svg\"]{width:48px}.elementor-widget-image img{vertical-align:middle;display:inline-block}<\/style>\t\t\t\t\t\t\t<figure class=\"wp-caption\">\n\t\t\t\t\t\t\t\t\t\t<img decoding=\"async\" width=\"1024\" height=\"1016\" src=\"https:\/\/www.hugopanonacle.fr\/wp-content\/uploads\/2026\/03\/portrait-romuald-1024x1016.png\" class=\"attachment-large size-large wp-image-10164\" alt=\"\" srcset=\"https:\/\/www.hugopanonacle.fr\/wp-content\/uploads\/2026\/03\/portrait-romuald-1024x1016.png 1024w, https:\/\/www.hugopanonacle.fr\/wp-content\/uploads\/2026\/03\/portrait-romuald-300x298.png 300w, https:\/\/www.hugopanonacle.fr\/wp-content\/uploads\/2026\/03\/portrait-romuald-150x150.png 150w, https:\/\/www.hugopanonacle.fr\/wp-content\/uploads\/2026\/03\/portrait-romuald-768x762.png 768w, https:\/\/www.hugopanonacle.fr\/wp-content\/uploads\/2026\/03\/portrait-romuald-1536x1524.png 1536w, https:\/\/www.hugopanonacle.fr\/wp-content\/uploads\/2026\/03\/portrait-romuald-2048x2032.png 2048w, https:\/\/www.hugopanonacle.fr\/wp-content\/uploads\/2026\/03\/portrait-romuald-12x12.png 12w, https:\/\/www.hugopanonacle.fr\/wp-content\/uploads\/2026\/03\/portrait-romuald-575x570.png 575w, https:\/\/www.hugopanonacle.fr\/wp-content\/uploads\/2026\/03\/portrait-romuald-500x496.png 500w, https:\/\/www.hugopanonacle.fr\/wp-content\/uploads\/2026\/03\/portrait-romuald-550x546.png 550w, https:\/\/www.hugopanonacle.fr\/wp-content\/uploads\/2026\/03\/portrait-romuald-400x397.png 400w, https:\/\/www.hugopanonacle.fr\/wp-content\/uploads\/2026\/03\/portrait-romuald-1920x1905.png 1920w, https:\/\/www.hugopanonacle.fr\/wp-content\/uploads\/2026\/03\/portrait-romuald-2000x1984.png 2000w, https:\/\/www.hugopanonacle.fr\/wp-content\/uploads\/2026\/03\/portrait-romuald-1200x1190.png 1200w, https:\/\/www.hugopanonacle.fr\/wp-content\/uploads\/2026\/03\/portrait-romuald-664x659.png 664w, https:\/\/www.hugopanonacle.fr\/wp-content\/uploads\/2026\/03\/portrait-romuald-100x100.png 100w\" sizes=\"(max-width: 1024px) 100vw, 1024px\" \/>\t\t\t\t\t\t\t\t\t\t\t<figcaption class=\"widget-image-caption wp-caption-text\">@Marc De Pierrefeu<\/figcaption>\n\t\t\t\t\t\t\t\t\t\t<\/figure>\n\t\t\t\t\t\t\t<\/div>\n\t\t\t\t<\/div>\n\t\t\t\t<\/div>\n\t\t\t\t\t<\/div>\n\t\t\t\t<\/div>\n\t\t\t\t<div class=\"elementor-element elementor-element-37043b7 elementor-widget elementor-widget-spacer\" data-id=\"37043b7\" data-element_type=\"widget\" data-widget_type=\"spacer.default\">\n\t\t\t\t<div class=\"elementor-widget-container\">\n\t\t\t\t\t<div class=\"elementor-spacer\">\n\t\t\t<div class=\"elementor-spacer-inner\"><\/div>\n\t\t<\/div>\n\t\t\t\t<\/div>\n\t\t\t\t<\/div>\n\t\t\t\t<div class=\"elementor-element elementor-element-379b17e elementor-widget-divider--view-line elementor-widget elementor-widget-divider\" data-id=\"379b17e\" data-element_type=\"widget\" data-widget_type=\"divider.default\">\n\t\t\t\t<div class=\"elementor-widget-container\">\n\t\t\t\t\t<div class=\"elementor-divider\">\n\t\t\t<span class=\"elementor-divider-separator\">\n\t\t\t\t\t\t<\/span>\n\t\t<\/div>\n\t\t\t\t<\/div>\n\t\t\t\t<\/div>\n\t\t\t\t<div class=\"wolf-core-heading elementor-element elementor-element-c1a31ee elementor-widget elementor-widget-heading\" data-id=\"c1a31ee\" data-element_type=\"widget\" data-widget_type=\"heading.default\">\n\t\t\t\t<div class=\"elementor-widget-container\">\n\t\t\t<h2 class=\"elementor-heading-title elementor-size-default\">THIERRY P\u00c9COU<\/h2>\t\t<\/div>\n\t\t\t\t<\/div>\n\t\t\t\t\t<\/div>\n\t\t\t\t<\/div>\n\t\t<div class=\"elementor-element elementor-element-1f35e20 e-flex e-con-boxed e-con e-parent\" data-id=\"1f35e20\" data-element_type=\"container\" data-core-v316-plus=\"true\">\n\t\t\t\t\t<div class=\"e-con-inner\">\n\t\t\t\t<div class=\"elementor-element elementor-element-717082c elementor-widget-divider--view-line elementor-widget elementor-widget-divider\" data-id=\"717082c\" data-element_type=\"widget\" data-widget_type=\"divider.default\">\n\t\t\t\t<div class=\"elementor-widget-container\">\n\t\t\t\t\t<div class=\"elementor-divider\">\n\t\t\t<span class=\"elementor-divider-separator\">\n\t\t\t\t\t\t<\/span>\n\t\t<\/div>\n\t\t\t\t<\/div>\n\t\t\t\t<\/div>\n\t\t\t\t\t<\/div>\n\t\t\t\t<\/div>\n\t\t<div class=\"elementor-element elementor-element-8f81402 e-flex e-con-boxed e-con e-parent\" data-id=\"8f81402\" data-element_type=\"container\" data-core-v316-plus=\"true\">\n\t\t\t\t\t<div class=\"e-con-inner\">\n\t\t\t\t<div class=\"wow  elementor-element elementor-element-cee5e63 animated-text-yes elementor-widget__width-initial elementor-widget elementor-widget-text-editor\" style=\"transition-delay:0.2s;\" data-anim-delay=\"200\" data-id=\"cee5e63\" data-element_type=\"widget\" data-widget_type=\"text-editor.default\">\n\t\t\t\t<div class=\"elementor-widget-container\">\n\t\t\t\t\t\t\t<p>Compositeur d\u2019origine antillaise, laur\u00e9at du Grand Prix Sacem et de la Villa M\u00e9dicis, Thierry P\u00e9cou d\u00e9veloppe une \u0153uvre profond\u00e9ment inspir\u00e9e par les rituels et musiques du monde.Son Concerto pour violon et orchestre \u201cHommage \u00e0 Saint-George\u201d c\u00e9l\u00e8bre le compositeur des Lumi\u00e8res en \u00e9voquant trois esth\u00e9tiques dans chacun des trois mouvements : le Gwoka guadeloup\u00e9en, m\u00e9moire des esclaves africains ; l\u2019escrime et le courage r\u00e9volutionnaire de Saint-George ; la franc-ma\u00e7onnerie et les id\u00e9aux de libert\u00e9 et fraternit\u00e9 des Lumi\u00e8res.<\/p>\t\t\t\t\t\t<\/div>\n\t\t\t\t<\/div>\n\t\t\t\t<div class=\"elementor-element elementor-element-d371235 elementor-widget elementor-widget-spacer\" data-id=\"d371235\" data-element_type=\"widget\" data-widget_type=\"spacer.default\">\n\t\t\t\t<div class=\"elementor-widget-container\">\n\t\t\t\t\t<div class=\"elementor-spacer\">\n\t\t\t<div class=\"elementor-spacer-inner\"><\/div>\n\t\t<\/div>\n\t\t\t\t<\/div>\n\t\t\t\t<\/div>\n\t\t\t\t<div class=\"elementor-element elementor-element-55c37af elementor-widget-divider--view-line elementor-widget elementor-widget-divider\" data-id=\"55c37af\" data-element_type=\"widget\" data-widget_type=\"divider.default\">\n\t\t\t\t<div class=\"elementor-widget-container\">\n\t\t\t\t\t<div class=\"elementor-divider\">\n\t\t\t<span class=\"elementor-divider-separator\">\n\t\t\t\t\t\t<\/span>\n\t\t<\/div>\n\t\t\t\t<\/div>\n\t\t\t\t<\/div>\n\t\t\t\t\t<\/div>\n\t\t\t\t<\/div>\n\t\t<div class=\"elementor-element elementor-element-9938df2 e-flex e-con-boxed e-con e-parent\" data-id=\"9938df2\" data-element_type=\"container\" data-core-v316-plus=\"true\">\n\t\t\t\t\t<div class=\"e-con-inner\">\n\t\t\t\t<div class=\"wolf-core-heading elementor-element elementor-element-c06ed4a elementor-widget elementor-widget-heading\" data-id=\"c06ed4a\" data-element_type=\"widget\" data-widget_type=\"heading.default\">\n\t\t\t\t<div class=\"elementor-widget-container\">\n\t\t\t<h2 class=\"elementor-heading-title elementor-size-default\">Calendrier<\/h2>\t\t<\/div>\n\t\t\t\t<\/div>\n\t\t\t\t<div class=\"elementor-element elementor-element-b7877a0 elementor-widget-divider--view-line elementor-widget elementor-widget-divider\" data-id=\"b7877a0\" data-element_type=\"widget\" data-widget_type=\"divider.default\">\n\t\t\t\t<div class=\"elementor-widget-container\">\n\t\t\t\t\t<div class=\"elementor-divider\">\n\t\t\t<span class=\"elementor-divider-separator\">\n\t\t\t\t\t\t<\/span>\n\t\t<\/div>\n\t\t\t\t<\/div>\n\t\t\t\t<\/div>\n\t\t\t\t<div class=\"wow  elementor-element elementor-element-2fca6d4 animated-text-yes elementor-widget__width-initial elementor-widget elementor-widget-text-editor\" style=\"transition-delay:0.2s;\" data-anim-delay=\"200\" data-id=\"2fca6d4\" data-element_type=\"widget\" data-widget_type=\"text-editor.default\">\n\t\t\t\t<div class=\"elementor-widget-container\">\n\t\t\t\t\t\t\t<p class=\"p1\">Enregistrement : Juin 2025 \u2013 Orchestre National de Cannes <br>\nCr\u00e9ation mondiale : Novembre 2025 &#8211; Guadeloupe <br>Sortie de l\u2019album : Printemps 2026 \u2013 Label Apart\u00e9 <br>Cr\u00e9ation \u00e0 Paris : 28 Mai 2026 \u2013 Salle Cortot avec l\u2019Orchestre de la Garde r\u00e9publicaine <br>Concert avec l\u2019Orchestre National de Cannes : Juin 2026,\nLimoges &#8211; France<\/p>\t\t\t\t\t\t<\/div>\n\t\t\t\t<\/div>\n\t\t\t\t<div class=\"elementor-element elementor-element-b6fdc03 elementor-widget-divider--view-line elementor-widget elementor-widget-divider\" data-id=\"b6fdc03\" data-element_type=\"widget\" data-widget_type=\"divider.default\">\n\t\t\t\t<div class=\"elementor-widget-container\">\n\t\t\t\t\t<div class=\"elementor-divider\">\n\t\t\t<span class=\"elementor-divider-separator\">\n\t\t\t\t\t\t<\/span>\n\t\t<\/div>\n\t\t\t\t<\/div>\n\t\t\t\t<\/div>\n\t\t\t\t\t<\/div>\n\t\t\t\t<\/div>\n\t\t\t\t<\/div>\n\t\t","protected":false},"excerpt":{"rendered":"<p>Violin Caribbean Concertos \u00c0 l\u2019occasion du 280e anniversaire de la naissance du compositeur guadeloup\u00e9en Chevalier de Saint-George, l\u2019Agence Artistique Hugo Panonacle accompagne le projet Violin Caribbean Concertos aux c\u00f4t\u00e9s du violoniste Romuald Grimbert-Barr\u00e9. Cet accompagnement suit le projet \u00e0 chaque \u00e9tape : conception du narratif global, d\u00e9finition de l\u2019image artistique, production du concert de lancement&#8230;<\/p>\n<p><a rel=\"bookmark\" class=\"theme-button-text wolf-core-button wolf-core-button-size-lg\" href=\"https:\/\/www.hugopanonacle.fr\/fr\/projets-speciaux\/\"><span>Continue reading<\/span><\/a><\/p>\n","protected":false},"author":1,"featured_media":0,"parent":0,"menu_order":0,"comment_status":"closed","ping_status":"closed","template":"","meta":{"om_disable_all_campaigns":false,"_monsterinsights_skip_tracking":false,"_monsterinsights_sitenote_active":false,"_monsterinsights_sitenote_note":"","_monsterinsights_sitenote_category":0,"_themeisle_gutenberg_block_has_review":false,"footnotes":""},"type_artiste":[],"instrument":[],"artiste":[],"type_page":[],"class_list":{"0":"post-10158","1":"page","2":"type-page","3":"status-publish","4":"hentry","5":"entry","6":"clearfix","7":"entry-grid","8":"entry-columns-default","9":"entry-page-module-layout-standard","10":"no-post-thumbnail","11":"entry-page","13":"entry-page-grid"},"aioseo_notices":[],"rttpg_featured_image_url":null,"rttpg_author":{"display_name":"hugo.panonacle","author_link":"https:\/\/www.hugopanonacle.fr\/fr\/author\/hugo-panonacle\/"},"rttpg_comment":0,"rttpg_category":false,"rttpg_excerpt":"Violin Caribbean Concertos \u00c0 l\u2019occasion du 280e anniversaire de la naissance du compositeur guadeloup\u00e9en Chevalier de Saint-George, l\u2019Agence Artistique Hugo Panonacle accompagne le projet Violin Caribbean Concertos aux c\u00f4t\u00e9s du violoniste Romuald Grimbert-Barr\u00e9. Cet accompagnement suit le projet \u00e0 chaque \u00e9tape : conception du narratif global, d\u00e9finition de l\u2019image artistique, production du concert de lancement...Continue\u2026","_links":{"self":[{"href":"https:\/\/www.hugopanonacle.fr\/fr\/wp-json\/wp\/v2\/pages\/10158","targetHints":{"allow":["GET"]}}],"collection":[{"href":"https:\/\/www.hugopanonacle.fr\/fr\/wp-json\/wp\/v2\/pages"}],"about":[{"href":"https:\/\/www.hugopanonacle.fr\/fr\/wp-json\/wp\/v2\/types\/page"}],"author":[{"embeddable":true,"href":"https:\/\/www.hugopanonacle.fr\/fr\/wp-json\/wp\/v2\/users\/1"}],"replies":[{"embeddable":true,"href":"https:\/\/www.hugopanonacle.fr\/fr\/wp-json\/wp\/v2\/comments?post=10158"}],"version-history":[{"count":64,"href":"https:\/\/www.hugopanonacle.fr\/fr\/wp-json\/wp\/v2\/pages\/10158\/revisions"}],"predecessor-version":[{"id":10311,"href":"https:\/\/www.hugopanonacle.fr\/fr\/wp-json\/wp\/v2\/pages\/10158\/revisions\/10311"}],"wp:attachment":[{"href":"https:\/\/www.hugopanonacle.fr\/fr\/wp-json\/wp\/v2\/media?parent=10158"}],"wp:term":[{"taxonomy":"type_artiste","embeddable":true,"href":"https:\/\/www.hugopanonacle.fr\/fr\/wp-json\/wp\/v2\/type_artiste?post=10158"},{"taxonomy":"instrument","embeddable":true,"href":"https:\/\/www.hugopanonacle.fr\/fr\/wp-json\/wp\/v2\/instrument?post=10158"},{"taxonomy":"artiste","embeddable":true,"href":"https:\/\/www.hugopanonacle.fr\/fr\/wp-json\/wp\/v2\/artiste?post=10158"},{"taxonomy":"type_page","embeddable":true,"href":"https:\/\/www.hugopanonacle.fr\/fr\/wp-json\/wp\/v2\/type_page?post=10158"}],"curies":[{"name":"wp","href":"https:\/\/api.w.org\/{rel}","templated":true}]}}